{"id":64,"date":"2018-12-15T22:44:55","date_gmt":"2018-12-15T21:44:55","guid":{"rendered":"http:\/\/yamieux.fr\/?page_id=64"},"modified":"2025-07-15T13:30:10","modified_gmt":"2025-07-15T11:30:10","slug":"page-4","status":"publish","type":"page","link":"https:\/\/aifonline.net\/?page_id=64","title":{"rendered":"Historique"},"content":{"rendered":"<h3 class=\"p3\"><span class=\"s1\">D&#8217;Europe de l&#8217;Est et d\u2019ailleurs<\/span><\/h3>\n<figure id=\"attachment_166\" aria-describedby=\"caption-attachment-166\" style=\"width: 500px\" class=\"wp-caption alignnone\"><img decoding=\"async\" loading=\"lazy\" class=\"wp-image-166 size-full\" src=\"https:\/\/aifonline.net\/wp-content\/uploads\/2018\/12\/lorraine.jpg\" alt=\"\" width=\"500\" height=\"318\" srcset=\"https:\/\/aifonline.net\/wp-content\/uploads\/2018\/12\/lorraine.jpg 500w, https:\/\/aifonline.net\/wp-content\/uploads\/2018\/12\/lorraine-300x191.jpg 300w\" sizes=\"(max-width: 500px) 100vw, 500px\" \/><figcaption id=\"caption-attachment-166\" class=\"wp-caption-text\">En Lorraine 1922. Menahem Letzt, troisi\u00e8me en haut \u00e0 gauche.<\/figcaption><\/figure>\n<p class=\"p4\"><span class=\"s1\">Au d\u00e9but du XX\u00e8me si\u00e8cle, l&#8217;immigration des juifs d&#8217;Europe de l&#8217;Est est massive.<br \/>\n<\/span><span class=\"s1\">De Russie, de Pologne, de Roumanie et d&#8217;ailleurs, des familles enti\u00e8res fuient la mis\u00e8re, les pers\u00e9cutions et gagnent la France qui leur tend les bras.<br \/>\n<\/span><span class=\"s1\">Ces juifs se retrouvent principalement \u00e0 Paris o\u00f9 ils exercent des petits m\u00e9tiers dans la confection, la <\/span><span class=\"s2\">bonneterie<\/span><span class=\"s1\">, la chaussure, le cuir, les m\u00e9taux etc.<br \/>\n<\/span><span class=\"s1\">Mais ils sont rapidement confront\u00e9s \u00e0 des probl\u00e8mes mat\u00e9riels, administratifs et sanitaires.<br \/>\n<\/span><span class=\"s1\">Ils d\u00e9cident alors de se regrouper au sein d&#8217;associations d&#8217;originaires en fonction de leur lieu d&#8217;origine, de leur m\u00e9tier, de leur lieu d&#8217;arriv\u00e9e dans la capitale ou tout simplement d&#8217;affinit\u00e9s.<br \/>\n<\/span><span class=\"s1\">Leur id\u00e9e est de cr\u00e9er un groupe d&#8217;entraide pour <\/span><span class=\"s2\">faire face aux difficult\u00e9s du quotidien<\/span><span class=\"s1\">, <\/span><span class=\"s2\">comme<\/span><span class=\"s1\"> l&#8217;acc\u00e8s aux soins, l&#8217;organisation du dernier devoir. Pour cela, ils utiliseront ce que la R\u00e9publique leur proposera: le Code de la Mutualit\u00e9.<br \/>\n<\/span><span class=\"s1\">Ils cr\u00e9\u00e8rent ainsi des Soci\u00e9t\u00e9s de Secours mutuels, devenues des Soci\u00e9t\u00e9s Mutualistes puis des Mutuelles r\u00e9gies par le Livre III du Code <\/span><span class=\"s2\">de la Mutualit\u00e9.<\/span><\/p>\n<figure id=\"attachment_170\" aria-describedby=\"caption-attachment-170\" style=\"width: 498px\" class=\"wp-caption alignnone\"><img decoding=\"async\" loading=\"lazy\" class=\"wp-image-170 size-full\" src=\"https:\/\/aifonline.net\/wp-content\/uploads\/2018\/12\/constitution.jpg\" alt=\"\" width=\"498\" height=\"700\" srcset=\"https:\/\/aifonline.net\/wp-content\/uploads\/2018\/12\/constitution.jpg 498w, https:\/\/aifonline.net\/wp-content\/uploads\/2018\/12\/constitution-213x300.jpg 213w\" sizes=\"(max-width: 498px) 100vw, 498px\" \/><figcaption id=\"caption-attachment-170\" class=\"wp-caption-text\">R\u00e9c\u00e9piss\u00e9 d\u00e9claration de constitution d&#8217;une soci\u00e9t\u00e9 de secours mutuels, 1930<\/figcaption><\/figure>\n<h3 class=\"p3\"><span class=\"s1\">Les pionniers du social<\/span><\/h3>\n<p class=\"p4\"><span class=\"s1\">En 1929, quelques amis arriv\u00e9s de Pologne quelques ann\u00e9es auparavant se retrouveront, l&#8217;estime qu&#8217;ils <\/span><span class=\"s2\">avaient<\/span><span class=\"s1\"> les uns pour les autres <\/span><span class=\"s2\">\u00e9tait<\/span><span class=\"s1\"> tr\u00e8s forte.<br \/>\n<\/span><span class=\"s1\">Ils sont sept et se nomment Herman Skopek, Jacob Karslbad, Henoch Lect, Leib Abrachkoff, Tsyla Tenczer, Lipman Roszewitch, Szulem Organ. Ils veulent <\/span><span class=\"s2\">fonder<\/span><span class=\"s1\"> une Soci\u00e9t\u00e9 de Secours Mutuels.<br \/>\n<\/span><span class=\"s1\">Ils se r\u00e9unissent et d\u00e9cident de l&#8217;appeler &#8221; Les Solidaires &#8220;. Tout doit \u00eatre pr\u00eat pour le 1er janvier 1930, les documents de constitution seront revus et corrig\u00e9s par Simon Roszewitch, le fils de Lipmann, alors \u00e2g\u00e9 de <\/span><span class=\"s2\">15<\/span><span class=\"s1\"> ans mais le seul \u00e0 <\/span><span class=\"s2\">pouvoir<\/span><span class=\"s1\"> \u00e9crire en fran\u00e7ais.<br \/>\n<\/span><span class=\"s1\">Mais en janvier 1930, Herman Skopek re\u00e7oit son d\u00e9cret de naturalisation fran\u00e7aise. Il est fou de joie et sa fiert\u00e9 indescriptible restera dans bien des m\u00e9moires. Il \u00e9tait d\u00e9j\u00e0 le chef de file de cette \u00e9quipe, c&#8217;\u00e9tait lui qui avait r\u00e9uni les autres. Il les convoque en ce qu&#8217;il imagina d\u00e9j\u00e0 une Assembl\u00e9e G\u00e9n\u00e9rale constitutive et propose pour d\u00e9nomination de la future Soci\u00e9t\u00e9 de Secours Mutuels : LES AMIS ISRAELITES DE FRANCE, en reconnaissance \u00e0 la patrie pour son d\u00e9cret de naturalisation.<br \/>\n<\/span><span class=\"s1\">Cette proposition fut accept\u00e9e et le 12 f\u00e9vrier 1930 les statuts seront d\u00e9pos\u00e9s au Minist\u00e8re de Tutelle, le Minist\u00e8re du Travail, par Jacob Karlsbad, le si\u00e8ge sera rue Hermel \u00e0 Paris chez Herman Skopek le pr\u00e9sident-fondateur officiel, puis un document de la Pr\u00e9fecture de la Seine officialisera le 20 juillet 1930 la naissance des AMIS ISRAELITES DE FRANCE.<br \/>\n<\/span><span class=\"s1\">Pendant dix ans, la <\/span><span class=\"s2\">Soci\u00e9t\u00e9 <\/span><span class=\"s1\">s&#8217;\u00e9toffera, les fondateurs y <\/span><span class=\"s2\">incluront<\/span><span class=\"s1\"> les familles des gendres et des brus, les beaux-fr\u00e8res <\/span><span class=\"s2\">et belles-soeurs<\/span><span class=\"s1\">, les cousins et les cousines, les neveux et les ni\u00e8ces, les voisins et les amis. Les bals et les mariages se succ\u00e8dent, les f\u00eates <\/span><span class=\"s2\">seront<\/span><span class=\"s1\"> les temps forts de la vie de la Soci\u00e9t\u00e9.<br \/>\n<\/span><span class=\"s1\">D&#8217;autres grandes familles viendront jouer un r\u00f4le primordial dans la vie des Amis Isra\u00e9lites de France, les Abramovitch, Rubin, Varjaques, Netzler, Fenighchtein, Miller, etc.<\/span><\/p>\n<h3 class=\"p3\"><span class=\"s1\">Les moments difficiles<\/span><\/h3>\n<figure id=\"attachment_174\" aria-describedby=\"caption-attachment-174\" style=\"width: 500px\" class=\"wp-caption alignnone\"><img decoding=\"async\" loading=\"lazy\" class=\"wp-image-174 size-full\" src=\"https:\/\/aifonline.net\/wp-content\/uploads\/2018\/12\/anniversaire.jpg\" alt=\"\" width=\"500\" height=\"340\" srcset=\"https:\/\/aifonline.net\/wp-content\/uploads\/2018\/12\/anniversaire.jpg 500w, https:\/\/aifonline.net\/wp-content\/uploads\/2018\/12\/anniversaire-300x204.jpg 300w\" sizes=\"(max-width: 500px) 100vw, 500px\" \/><figcaption id=\"caption-attachment-174\" class=\"wp-caption-text\">Ida Zysman f\u00eate ses 10 ans le 15 janvier 1949 entour\u00e9 de ses cousines<\/figcaption><\/figure>\n<p class=\"p4\"><span class=\"s1\">Mais dix ans plus tard, c&#8217;est la guerre, les soci\u00e9taires se r\u00e9fugient dans la clandestinit\u00e9, se cachent, ils seront finalement d\u00e9port\u00e9s en masse, peu <\/span><span class=\"s2\">\u00e9chapperont<\/span><span class=\"s1\"> ou reviendront des camps de la mort.<br \/>\n<\/span><span class=\"s1\">Au lendemain de la guerre quelques dizaines de soci\u00e9taires tenteront de faire revivre la Soci\u00e9t\u00e9 tant bien que mal, d&#8217;anciens d\u00e9port\u00e9s comme L\u00e9on Kaminski ou Nathan Rutta consid\u00e9reront la Soci\u00e9t\u00e9 comme leur propre famille, parfois leur unique famille. Mais il semble \u00e9vident qu&#8217;il faudra attendre que la g\u00e9n\u00e9ration n\u00e9e apr\u00e8s la guerre devienne adulte, les ann\u00e9es 70, pour que la Soci\u00e9t\u00e9 soit d\u00e9finitivement sauv\u00e9e et promise \u00e0 un avenir certain.<br \/>\n<\/span><span class=\"s1\">Alors pendant vingt ans, les anciens feront vivre aux jeunes l&#8217;existence de ce groupe d&#8217;amis dont certains ont surv\u00e9cu \u00e0 la Shoah, et les nouvelles familles de dirigeants, rattach\u00e9es ou simple descendance directe, entreprendront un travail de formation. Ces familles se nommaient Abramovitch, Rubin, Netzler, Berenbaum. Un travail magnifique, une le\u00e7on merveilleuse puisque les descendants, les familles Brand, Bismuth, Brones, Kaminski, Leibovitz<\/span><span class=\"s2\">, Roszewitch, Rozen, Rutta, <\/span><span class=\"s1\">et bien d&#8217;autres encore ont retrouv\u00e9 le m\u00eame lien qui unissait les anciens avant la guerre.<\/span><\/p>\n<h3 class=\"p3\"><span class=\"s1\"><br \/>\nLe renouveau<\/span><\/h3>\n<p class=\"p4\"><span class=\"s1\">C&#8217;est une amiti\u00e9 profonde qui s&#8217;est naturellement pos\u00e9e dans la succession.<br \/>\n<\/span><span class=\"s1\">Dans les ann\u00e9es 80, une nouvelle g\u00e9n\u00e9ration voit le jour, elle grandit avec les Amis Isra\u00e9lites de France, se retrouve pour les grandes occasions et vingt ans plus tard, lors de la grande f\u00eate du 70\u00e8me anniversaire, on annoncera avec fiert\u00e9 la pr\u00e9sence de la cinqui\u00e8me g\u00e9n\u00e9ration soci\u00e9taire.<br \/>\n<\/span><span class=\"s1\">Les descendants des fondateurs seront d\u00e9sormais amis et unis par les liens qu\u2019unissait leur famille plusieurs d\u00e9cennies auparavant.<br \/>\n<\/span><span class=\"s1\">Entre temps, cette cha\u00eene d&#8217;union allait s&#8217;enrichir gr\u00e2ce \u00e0 de nombreux et nouveaux anneaux de pur m\u00e9tal puisque certaines familles ayant cr\u00e9\u00e9 d&#8217;autres soci\u00e9t\u00e9s de secours mutuels <\/span><span class=\"s2\">d\u00e9cideront<\/span><span class=\"s1\"> de rejoindre les Amis Isra\u00e9lites de France, avec l&#8217;ensemble de leurs adh\u00e9rents.<br \/>\n<\/span><span class=\"s1\">Ces d\u00e9cideurs mus par la volont\u00e9 de p\u00e9renniser l\u2019esprit mutualiste au sein de la communaut\u00e9 juive se nommaient David Kornicki avec les Isra\u00e9lites de Paris, F\u00e9lix Rodach avec Zichron Isra\u00ebl, Fiszel Galinsky avec Souvenir d&#8217;Isaac, Jacques Samacher avec Myedzyslerc Podlarski et Vohyn, Jacqueline Vaiman avec V\u00e9rit\u00e9 et Gr\u00e2ce, Zili Weber avec les Galiciens de France, Jacques Gonik avec l\u2019Amicale de Kutno, Salomon Salzmann avec Pr\u00e9voyance et Fraternit\u00e9, Anton Strul avec l\u2019Amicale des Originaires de Roumanie, Lola Skarbnik-Grynberg avec l\u2019Amicale d\u2019Ozarow et G\u00e9rard Almosnino de la Renaissance.<br \/>\n<\/span><span class=\"s1\">Aujourd&#8217;hui, la Mutuelle dite &#8221; Les Amis isra\u00e9lites de France &#8221; repr\u00e9sente la plus grande composante de la F\u00e9d\u00e9ration des Soci\u00e9t\u00e9s Juives de France, elle est pr\u00e9sid\u00e9e par<\/span><span class=\"s2\"> Alain <\/span><span class=\"s1\">Kaminski, arri\u00e8re-petit-fils de Henoch Lect, mort avec son \u00e9pouse en d\u00e9portation, un des sept fondateurs et dont la descendance est repr\u00e9sent\u00e9e par <\/span><span class=\"s2\">cinq g\u00e9n\u00e9rations de soci\u00e9taires.<br \/>\n<\/span><span class=\"s1\">Aujourd\u2019hui, force est de constater que nombreux sont les soci\u00e9taires, parfois apparent\u00e9s, que la distance, les pr\u00e9occupations, la vie des uns et des autres auraient pu s\u00e9parer, et que les Amis isra\u00e9lites de France r\u00e9unissent \u00e0 la faveur de rencontres, d\u2019\u00e9v\u00e9nements culturels, de voyages m\u00e9moriels. C\u2019est une victoire que d\u2019aucuns pourraient appeler une revanche, que d\u2019aucuns pourraient appeler un bonheur.<br \/>\n<\/span><span class=\"s3\">De l&#8217;id\u00e9e d&#8217;Herman Skopek en 1929 \u00e0 la naissance de Mia Melloni en 2023, cette grande famille <\/span><span class=\"s1\">contribue \u00e0 faire des Soci\u00e9t\u00e9s de Secours Mutuels un mod\u00e8le de fraternit\u00e9, inscrit dans l\u2019Histoire de la Communaut\u00e9 Juive de France.<\/span><\/p>\n","protected":false},"excerpt":{"rendered":"<p>D&#8217;Europe de l&#8217;Est et d\u2019ailleurs Au d\u00e9but du XX\u00e8me si\u00e8cle, l&#8217;immigration des juifs d&#8217;Europe de l&#8217;Est est massive. De Russie,<\/p>\n","protected":false},"author":2,"featured_media":0,"parent":0,"menu_order":0,"comment_status":"closed","ping_status":"closed","template":"","meta":{"_mi_skip_tracking":false,"_exactmetrics_sitenote_active":false,"_exactmetrics_sitenote_note":"","_exactmetrics_sitenote_category":0,"footnotes":""},"_links":{"self":[{"href":"https:\/\/aifonline.net\/index.php?rest_route=\/wp\/v2\/pages\/64"}],"collection":[{"href":"https:\/\/aifonline.net\/index.php?rest_route=\/wp\/v2\/pages"}],"about":[{"href":"https:\/\/aifonline.net\/index.php?rest_route=\/wp\/v2\/types\/page"}],"author":[{"embeddable":true,"href":"https:\/\/aifonline.net\/index.php?rest_route=\/wp\/v2\/users\/2"}],"replies":[{"embeddable":true,"href":"https:\/\/aifonline.net\/index.php?rest_route=%2Fwp%2Fv2%2Fcomments&post=64"}],"version-history":[{"count":12,"href":"https:\/\/aifonline.net\/index.php?rest_route=\/wp\/v2\/pages\/64\/revisions"}],"predecessor-version":[{"id":6936,"href":"https:\/\/aifonline.net\/index.php?rest_route=\/wp\/v2\/pages\/64\/revisions\/6936"}],"wp:attachment":[{"href":"https:\/\/aifonline.net\/index.php?rest_route=%2Fwp%2Fv2%2Fmedia&parent=64"}],"curies":[{"name":"wp","href":"https:\/\/api.w.org\/{rel}","templated":true}]}}