{"id":803,"date":"2019-05-27T09:18:15","date_gmt":"2019-05-27T07:18:15","guid":{"rendered":"http:\/\/aifonline.net\/?page_id=803"},"modified":"2025-07-15T13:33:34","modified_gmt":"2025-07-15T11:33:34","slug":"souvenirs","status":"publish","type":"page","link":"https:\/\/aifonline.net\/?page_id=803","title":{"rendered":"Souvenirs"},"content":{"rendered":"\n<p>Les soci\u00e9taires des AIF partagent ici leurs souvenirs, photos, documents\u2026<\/p>\n\n\n<div class=\"wp-block-image\">\n<figure class=\"aligncenter size-large\"><img decoding=\"async\" loading=\"lazy\" width=\"1024\" height=\"640\" src=\"https:\/\/aifonline.net\/wp-content\/uploads\/2024\/04\/Galiciens-independance-1-1024x640.jpg\" alt=\"\" class=\"wp-image-5459\" srcset=\"https:\/\/aifonline.net\/wp-content\/uploads\/2024\/04\/Galiciens-independance-1-1024x640.jpg 1024w, https:\/\/aifonline.net\/wp-content\/uploads\/2024\/04\/Galiciens-independance-1-300x188.jpg 300w, https:\/\/aifonline.net\/wp-content\/uploads\/2024\/04\/Galiciens-independance-1-768x480.jpg 768w, https:\/\/aifonline.net\/wp-content\/uploads\/2024\/04\/Galiciens-independance-1-1536x960.jpg 1536w, https:\/\/aifonline.net\/wp-content\/uploads\/2024\/04\/Galiciens-independance-1.jpg 1987w\" sizes=\"(max-width: 1024px) 100vw, 1024px\" \/><figcaption class=\"wp-element-caption\">R\u00e9union de l&#8217;Amicale des Galiciens de France \u00e0 l&#8217;annonce de l&#8217;ind\u00e9pendance de l&#8217;\u00c9tat d&#8217;Isra\u00ebl<\/figcaption><\/figure><\/div>\n\n\n<figure class=\"wp-block-image size-large\"><img decoding=\"async\" loading=\"lazy\" width=\"1024\" height=\"758\" src=\"https:\/\/aifonline.net\/wp-content\/uploads\/2024\/04\/Regine-Nadelwais-1947-1024x758.jpg\" alt=\"\" class=\"wp-image-5453\" srcset=\"https:\/\/aifonline.net\/wp-content\/uploads\/2024\/04\/Regine-Nadelwais-1947-1024x758.jpg 1024w, https:\/\/aifonline.net\/wp-content\/uploads\/2024\/04\/Regine-Nadelwais-1947-300x222.jpg 300w, https:\/\/aifonline.net\/wp-content\/uploads\/2024\/04\/Regine-Nadelwais-1947-768x568.jpg 768w, https:\/\/aifonline.net\/wp-content\/uploads\/2024\/04\/Regine-Nadelwais-1947.jpg 1500w\" sizes=\"(max-width: 1024px) 100vw, 1024px\" \/><figcaption class=\"wp-element-caption\">Regine Nadelwais en 1947<\/figcaption><\/figure>\n\n\n<div class=\"wp-block-image\">\n<figure class=\"aligncenter size-large is-resized\"><img decoding=\"async\" loading=\"lazy\" width=\"764\" height=\"1024\" src=\"https:\/\/aifonline.net\/wp-content\/uploads\/2024\/04\/Renee-Lect-1947-764x1024.jpg\" alt=\"\" class=\"wp-image-5451\" style=\"aspect-ratio:0.74609375;width:880px;height:auto\" srcset=\"https:\/\/aifonline.net\/wp-content\/uploads\/2024\/04\/Renee-Lect-1947-764x1024.jpg 764w, https:\/\/aifonline.net\/wp-content\/uploads\/2024\/04\/Renee-Lect-1947-224x300.jpg 224w, https:\/\/aifonline.net\/wp-content\/uploads\/2024\/04\/Renee-Lect-1947-768x1029.jpg 768w, https:\/\/aifonline.net\/wp-content\/uploads\/2024\/04\/Renee-Lect-1947.jpg 1119w\" sizes=\"(max-width: 764px) 100vw, 764px\" \/><figcaption class=\"wp-element-caption\">Renee Lect en 1947<\/figcaption><\/figure><\/div>\n\n<div class=\"wp-block-image\">\n<figure class=\"aligncenter size-large\"><img decoding=\"async\" loading=\"lazy\" width=\"744\" height=\"1024\" src=\"https:\/\/aifonline.net\/wp-content\/uploads\/2024\/04\/alain-kaminski-1956-744x1024.jpg\" alt=\"\" class=\"wp-image-5456\" srcset=\"https:\/\/aifonline.net\/wp-content\/uploads\/2024\/04\/alain-kaminski-1956-744x1024.jpg 744w, https:\/\/aifonline.net\/wp-content\/uploads\/2024\/04\/alain-kaminski-1956-218x300.jpg 218w, https:\/\/aifonline.net\/wp-content\/uploads\/2024\/04\/alain-kaminski-1956-768x1057.jpg 768w, https:\/\/aifonline.net\/wp-content\/uploads\/2024\/04\/alain-kaminski-1956.jpg 1062w\" sizes=\"(max-width: 744px) 100vw, 744px\" \/><figcaption class=\"wp-element-caption\">Alain Kaminski \u00e0 Menton, en 1956<\/figcaption><\/figure><\/div>\n\n<div class=\"wp-block-image\">\n<figure class=\"aligncenter size-large\"><img decoding=\"async\" loading=\"lazy\" width=\"683\" height=\"1024\" src=\"https:\/\/aifonline.net\/wp-content\/uploads\/2024\/04\/Jacqueline-Vaiman-683x1024.jpg\" alt=\"\" class=\"wp-image-5501\" srcset=\"https:\/\/aifonline.net\/wp-content\/uploads\/2024\/04\/Jacqueline-Vaiman-683x1024.jpg 683w, https:\/\/aifonline.net\/wp-content\/uploads\/2024\/04\/Jacqueline-Vaiman-200x300.jpg 200w, https:\/\/aifonline.net\/wp-content\/uploads\/2024\/04\/Jacqueline-Vaiman-768x1151.jpg 768w, https:\/\/aifonline.net\/wp-content\/uploads\/2024\/04\/Jacqueline-Vaiman.jpg 862w\" sizes=\"(max-width: 683px) 100vw, 683px\" \/><figcaption class=\"wp-element-caption\">Jacqueline Vaiman<\/figcaption><\/figure><\/div>\n\n<div class=\"wp-block-image\">\n<figure class=\"aligncenter size-large\"><img decoding=\"async\" loading=\"lazy\" width=\"1024\" height=\"768\" src=\"https:\/\/aifonline.net\/wp-content\/uploads\/2024\/03\/regina_letzt_mariage-1024x768.jpg\" alt=\"\" class=\"wp-image-5374\" srcset=\"https:\/\/aifonline.net\/wp-content\/uploads\/2024\/03\/regina_letzt_mariage-1024x768.jpg 1024w, https:\/\/aifonline.net\/wp-content\/uploads\/2024\/03\/regina_letzt_mariage-300x225.jpg 300w, https:\/\/aifonline.net\/wp-content\/uploads\/2024\/03\/regina_letzt_mariage-768x576.jpg 768w, https:\/\/aifonline.net\/wp-content\/uploads\/2024\/03\/regina_letzt_mariage-1536x1152.jpg 1536w, https:\/\/aifonline.net\/wp-content\/uploads\/2024\/03\/regina_letzt_mariage-600x450.jpg 600w, https:\/\/aifonline.net\/wp-content\/uploads\/2024\/03\/regina_letzt_mariage.jpg 2000w\" sizes=\"(max-width: 1024px) 100vw, 1024px\" \/><figcaption class=\"wp-element-caption\">Chaque mariage fut un \u00e9v\u00e9nement aux Amis isra\u00e9lites de France. Celui de Regina Letzt au printemps 1947 fut le premier mariage de l&#8217;apr\u00e8s-guerre, la mari\u00e9e \u00e9tait entour\u00e9e de ses cousines et la soci\u00e9t\u00e9 se relevait d&#8217;une p\u00e9riode douloureuse o\u00f9 nombreux \u00e9taient ceux qui avaient disparu quelques ann\u00e9es plus t\u00f4t en d\u00e9portation. Parmi eux les grands-parents de la mari\u00e9e, H\u00e9noch et A\u00efda Lect qui furent en 1929 co-fondateurs des AIF.<\/figcaption><\/figure><\/div>\n\n<div class=\"wp-block-image\">\n<figure class=\"aligncenter size-large\"><img decoding=\"async\" loading=\"lazy\" width=\"1024\" height=\"737\" src=\"https:\/\/aifonline.net\/wp-content\/uploads\/2024\/03\/menahem_letzt_regina-1024x737.jpg\" alt=\"\" class=\"wp-image-5370\" srcset=\"https:\/\/aifonline.net\/wp-content\/uploads\/2024\/03\/menahem_letzt_regina-1024x737.jpg 1024w, https:\/\/aifonline.net\/wp-content\/uploads\/2024\/03\/menahem_letzt_regina-300x216.jpg 300w, https:\/\/aifonline.net\/wp-content\/uploads\/2024\/03\/menahem_letzt_regina-768x552.jpg 768w, https:\/\/aifonline.net\/wp-content\/uploads\/2024\/03\/menahem_letzt_regina-1536x1105.jpg 1536w, https:\/\/aifonline.net\/wp-content\/uploads\/2024\/03\/menahem_letzt_regina.jpg 1995w\" sizes=\"(max-width: 1024px) 100vw, 1024px\" \/><figcaption class=\"wp-element-caption\">Menahem Letzt, tr\u00e9sorier des Amis isra\u00e9lites de France, s&#8217;entoure de ses proches lors du 20\u00e8me anniversaire des AIF. A sa gauche sa fille Regina et Sabine Selcer \u00e0 sa droite.<\/figcaption><\/figure><\/div>\n\n<div class=\"wp-block-image\">\n<figure class=\"aligncenter size-large\"><img decoding=\"async\" loading=\"lazy\" width=\"1024\" height=\"725\" src=\"https:\/\/aifonline.net\/wp-content\/uploads\/2024\/03\/Georges_Steinberg-1024x725.jpg\" alt=\"\" class=\"wp-image-5369\" srcset=\"https:\/\/aifonline.net\/wp-content\/uploads\/2024\/03\/Georges_Steinberg-1024x725.jpg 1024w, https:\/\/aifonline.net\/wp-content\/uploads\/2024\/03\/Georges_Steinberg-300x212.jpg 300w, https:\/\/aifonline.net\/wp-content\/uploads\/2024\/03\/Georges_Steinberg-768x544.jpg 768w, https:\/\/aifonline.net\/wp-content\/uploads\/2024\/03\/Georges_Steinberg-1536x1087.jpg 1536w, https:\/\/aifonline.net\/wp-content\/uploads\/2024\/03\/Georges_Steinberg.jpg 2000w\" sizes=\"(max-width: 1024px) 100vw, 1024px\" \/><figcaption class=\"wp-element-caption\">Georges Steinberg, Pr\u00e9sident de l&#8217;Amicale des Galiciens en France fait part du projet de rejoindre les Amis isra\u00e9lites de France lors d&#8217;un repas r\u00e9unissant son Bureau.<\/figcaption><\/figure><\/div>\n\n<\/p>\n<figure id=\"attachment_1305\" aria-describedby=\"caption-attachment-1305\" style=\"width: 910px\" class=\"wp-caption alignleft\"><img decoding=\"async\" loading=\"lazy\" class=\"size-large wp-image-1305\" src=\"https:\/\/aifonline.net\/wp-content\/uploads\/2020\/07\/Scan0005-1024x784.jpg\" alt=\"\" width=\"910\" height=\"697\" srcset=\"https:\/\/aifonline.net\/wp-content\/uploads\/2020\/07\/Scan0005-1024x784.jpg 1024w, https:\/\/aifonline.net\/wp-content\/uploads\/2020\/07\/Scan0005-300x230.jpg 300w, https:\/\/aifonline.net\/wp-content\/uploads\/2020\/07\/Scan0005-768x588.jpg 768w, https:\/\/aifonline.net\/wp-content\/uploads\/2020\/07\/Scan0005.jpg 1500w\" sizes=\"(max-width: 910px) 100vw, 910px\" \/><figcaption id=\"caption-attachment-1305\" class=\"wp-caption-text\">Monument \u00e0 la m\u00e9moire des D\u00e9port\u00e9s membres de la Soci\u00e9t\u00e9 des Galiciens au cimeti\u00e8re parisien de Bagneux<\/figcaption><\/figure>\n<p><img decoding=\"async\" loading=\"lazy\" class=\"size-large wp-image-1310 alignleft\" src=\"https:\/\/aifonline.net\/wp-content\/uploads\/2020\/07\/Scan0006-1024x741.jpg\" alt=\"\" width=\"910\" height=\"659\" srcset=\"https:\/\/aifonline.net\/wp-content\/uploads\/2020\/07\/Scan0006-1024x741.jpg 1024w, https:\/\/aifonline.net\/wp-content\/uploads\/2020\/07\/Scan0006-300x217.jpg 300w, https:\/\/aifonline.net\/wp-content\/uploads\/2020\/07\/Scan0006-768x556.jpg 768w, https:\/\/aifonline.net\/wp-content\/uploads\/2020\/07\/Scan0006.jpg 1500w\" sizes=\"(max-width: 910px) 100vw, 910px\" \/><\/p>\n<figure id=\"attachment_1308\" aria-describedby=\"caption-attachment-1308\" style=\"width: 776px\" class=\"wp-caption alignleft\"><img decoding=\"async\" loading=\"lazy\" class=\"size-large wp-image-1308\" src=\"https:\/\/aifonline.net\/wp-content\/uploads\/2020\/07\/Scan0007-776x1024.jpg\" alt=\"\" width=\"776\" height=\"1024\" srcset=\"https:\/\/aifonline.net\/wp-content\/uploads\/2020\/07\/Scan0007-776x1024.jpg 776w, https:\/\/aifonline.net\/wp-content\/uploads\/2020\/07\/Scan0007-227x300.jpg 227w, https:\/\/aifonline.net\/wp-content\/uploads\/2020\/07\/Scan0007-768x1013.jpg 768w, https:\/\/aifonline.net\/wp-content\/uploads\/2020\/07\/Scan0007.jpg 1070w\" sizes=\"(max-width: 776px) 100vw, 776px\" \/><figcaption id=\"caption-attachment-1308\" class=\"wp-caption-text\">inauguration en 1948 du monument \u00e0 la M\u00e9moire des D\u00e9port\u00e9s<\/figcaption><\/figure>\n<p><img decoding=\"async\" loading=\"lazy\" class=\"alignleft size-large wp-image-1309\" src=\"https:\/\/aifonline.net\/wp-content\/uploads\/2020\/07\/Scan0011-1024x790.jpg\" alt=\"\" width=\"910\" height=\"702\" srcset=\"https:\/\/aifonline.net\/wp-content\/uploads\/2020\/07\/Scan0011-1024x790.jpg 1024w, https:\/\/aifonline.net\/wp-content\/uploads\/2020\/07\/Scan0011-300x231.jpg 300w, https:\/\/aifonline.net\/wp-content\/uploads\/2020\/07\/Scan0011-768x592.jpg 768w, https:\/\/aifonline.net\/wp-content\/uploads\/2020\/07\/Scan0011.jpg 1500w\" sizes=\"(max-width: 910px) 100vw, 910px\" \/><\/p>\n<p><figure id=\"attachment_1306\" aria-describedby=\"caption-attachment-1306\" style=\"width: 797px\" class=\"wp-caption alignleft\"><img decoding=\"async\" loading=\"lazy\" class=\"wp-image-1306 size-large\" src=\"https:\/\/aifonline.net\/wp-content\/uploads\/2020\/07\/Scan0008-797x1024.jpg\" alt=\"\" width=\"797\" height=\"1024\" srcset=\"https:\/\/aifonline.net\/wp-content\/uploads\/2020\/07\/Scan0008-797x1024.jpg 797w, https:\/\/aifonline.net\/wp-content\/uploads\/2020\/07\/Scan0008-234x300.jpg 234w, https:\/\/aifonline.net\/wp-content\/uploads\/2020\/07\/Scan0008-768x987.jpg 768w, https:\/\/aifonline.net\/wp-content\/uploads\/2020\/07\/Scan0008.jpg 1500w\" sizes=\"(max-width: 797px) 100vw, 797px\" \/><figcaption id=\"caption-attachment-1306\" class=\"wp-caption-text\">Les Galiciens \u00e9taient en relation avec les juifs de New-York apr\u00e8s la guerre<\/figcaption><\/figure><br \/>\n<figure id=\"attachment_1307\" aria-describedby=\"caption-attachment-1307\" style=\"width: 767px\" class=\"wp-caption alignleft\"><img decoding=\"async\" loading=\"lazy\" class=\"wp-image-1307 size-large\" src=\"https:\/\/aifonline.net\/wp-content\/uploads\/2020\/07\/Scan0009-767x1024.jpg\" alt=\"\" width=\"767\" height=\"1024\" srcset=\"https:\/\/aifonline.net\/wp-content\/uploads\/2020\/07\/Scan0009-767x1024.jpg 767w, https:\/\/aifonline.net\/wp-content\/uploads\/2020\/07\/Scan0009-225x300.jpg 225w, https:\/\/aifonline.net\/wp-content\/uploads\/2020\/07\/Scan0009-768x1025.jpg 768w, https:\/\/aifonline.net\/wp-content\/uploads\/2020\/07\/Scan0009.jpg 1500w\" sizes=\"(max-width: 767px) 100vw, 767px\" \/><figcaption id=\"caption-attachment-1307\" class=\"wp-caption-text\">Correspondance de la Branche am\u00e9ricaine des Galiciens<\/figcaption><\/figure><br \/>\n<figure id=\"attachment_1304\" aria-describedby=\"caption-attachment-1304\" style=\"width: 803px\" class=\"wp-caption alignleft\"><img decoding=\"async\" loading=\"lazy\" class=\"size-large wp-image-1304\" src=\"https:\/\/aifonline.net\/wp-content\/uploads\/2020\/07\/Scan0010-803x1024.jpg\" alt=\"\" width=\"803\" height=\"1024\" srcset=\"https:\/\/aifonline.net\/wp-content\/uploads\/2020\/07\/Scan0010-803x1024.jpg 803w, https:\/\/aifonline.net\/wp-content\/uploads\/2020\/07\/Scan0010-235x300.jpg 235w, https:\/\/aifonline.net\/wp-content\/uploads\/2020\/07\/Scan0010-768x980.jpg 768w, https:\/\/aifonline.net\/wp-content\/uploads\/2020\/07\/Scan0010.jpg 1500w\" sizes=\"(max-width: 803px) 100vw, 803px\" \/><figcaption id=\"caption-attachment-1304\" class=\"wp-caption-text\">Les membres de la Soci\u00e9t\u00e9s des Galiciens vivaient pour la plupart dans le X\u00e8me Art de paris dans le quartier des rues de l&#8217;Echiquier, rue Richer, rue du Fg Poissonni\u00e8re, rue d&#8217;Abbeville, rue des Petites Ecuries, et exer\u00e7ait des m\u00e9tiers li\u00e9s \u00e0 la fourrure.<\/figcaption><\/figure><br \/>\n<figure id=\"attachment_826\" aria-describedby=\"caption-attachment-826\" style=\"width: 910px\" class=\"wp-caption alignleft\"><img decoding=\"async\" loading=\"lazy\" class=\"wp-image-826 size-large\" src=\"https:\/\/aifonline.net\/wp-content\/uploads\/2019\/06\/mamanclasse1926-1024x667.jpg\" alt=\"\" width=\"910\" height=\"593\" srcset=\"https:\/\/aifonline.net\/wp-content\/uploads\/2019\/06\/mamanclasse1926-1024x667.jpg 1024w, https:\/\/aifonline.net\/wp-content\/uploads\/2019\/06\/mamanclasse1926-300x195.jpg 300w, https:\/\/aifonline.net\/wp-content\/uploads\/2019\/06\/mamanclasse1926-768x500.jpg 768w\" sizes=\"(max-width: 910px) 100vw, 910px\" \/><figcaption id=\"caption-attachment-826\" class=\"wp-caption-text\">Photo de classe \u00e0 l&#8217;\u00e9cole de Beltz, au nord de l&#8217;Ukraine, pr\u00e8s de la fronti\u00e8re polonaise.<br \/>Ma m\u00e8re Chaja Wittman, n\u00e9e en 1913, est au 2\u00e8me rang, 11\u00e8me position en partant de la gauche, derri\u00e8re son petit fr\u00e8re aux cheveux ras donc feu mon oncle Avremeleh Roth-Krystinopoler, mort en d\u00e9portation.<br \/>Au 3\u00e8me rang, 8 \u00e8me position en partant de la gauche, ma tante Esther Appel avec la belle chevelure brune, la s\u0153ur de mon p\u00e8re n\u00e9e en 1912, \u00e9galement d\u00e9port\u00e9e.<br \/>Que leur m\u00e9moire soit b\u00e9nie.<br \/>Bernard Wittman<\/figcaption><\/figure><br \/>\n<figure id=\"attachment_797\" aria-describedby=\"caption-attachment-797\" style=\"width: 910px\" class=\"wp-caption alignleft\"><img decoding=\"async\" loading=\"lazy\" class=\"wp-image-797 size-large\" src=\"https:\/\/aifonline.net\/wp-content\/uploads\/2019\/05\/20190525_172544-1024x519.jpg\" alt=\"\" width=\"910\" height=\"461\" srcset=\"https:\/\/aifonline.net\/wp-content\/uploads\/2019\/05\/20190525_172544-1024x519.jpg 1024w, https:\/\/aifonline.net\/wp-content\/uploads\/2019\/05\/20190525_172544-300x152.jpg 300w, https:\/\/aifonline.net\/wp-content\/uploads\/2019\/05\/20190525_172544-768x389.jpg 768w, https:\/\/aifonline.net\/wp-content\/uploads\/2019\/05\/20190525_172544.jpg 2000w\" sizes=\"(max-width: 910px) 100vw, 910px\" \/><figcaption id=\"caption-attachment-797\" class=\"wp-caption-text\">M\u00e9daille remise par les A.I.F en 1970 \u00e0 Lipmann Roszewitch \u00e0 titre posthume<\/figcaption><\/figure><br \/>\n<figure id=\"attachment_796\" aria-describedby=\"caption-attachment-796\" style=\"width: 910px\" class=\"wp-caption alignleft\"><img decoding=\"async\" loading=\"lazy\" class=\"wp-image-796 size-large\" src=\"https:\/\/aifonline.net\/wp-content\/uploads\/2019\/05\/20190525_171648-1024x773.jpg\" alt=\"\" width=\"910\" height=\"687\" srcset=\"https:\/\/aifonline.net\/wp-content\/uploads\/2019\/05\/20190525_171648-1024x773.jpg 1024w, https:\/\/aifonline.net\/wp-content\/uploads\/2019\/05\/20190525_171648-300x226.jpg 300w, https:\/\/aifonline.net\/wp-content\/uploads\/2019\/05\/20190525_171648-768x580.jpg 768w, https:\/\/aifonline.net\/wp-content\/uploads\/2019\/05\/20190525_171648.jpg 1500w\" sizes=\"(max-width: 910px) 100vw, 910px\" \/><figcaption id=\"caption-attachment-796\" class=\"wp-caption-text\">Dipl\u00f4me d\u00e9cern\u00e9 par les A.I.F en 1955 \u00e0 Lipmann Roszewitch<\/figcaption><\/figure><br \/>\n<figure id=\"attachment_811\" aria-describedby=\"caption-attachment-811\" style=\"width: 910px\" class=\"wp-caption alignleft\"><img decoding=\"async\" loading=\"lazy\" class=\"size-large wp-image-811\" src=\"https:\/\/aifonline.net\/wp-content\/uploads\/2019\/05\/1928-07-Mariage-Rosa-et-Joseph-Netzler-commente\u0301-1024x718.jpg\" alt=\"\" width=\"910\" height=\"638\" srcset=\"https:\/\/aifonline.net\/wp-content\/uploads\/2019\/05\/1928-07-Mariage-Rosa-et-Joseph-Netzler-commente\u0301-1024x718.jpg 1024w, https:\/\/aifonline.net\/wp-content\/uploads\/2019\/05\/1928-07-Mariage-Rosa-et-Joseph-Netzler-commente\u0301-300x210.jpg 300w, https:\/\/aifonline.net\/wp-content\/uploads\/2019\/05\/1928-07-Mariage-Rosa-et-Joseph-Netzler-commente\u0301-768x538.jpg 768w, https:\/\/aifonline.net\/wp-content\/uploads\/2019\/05\/1928-07-Mariage-Rosa-et-Joseph-Netzler-commente\u0301.jpg 2000w\" sizes=\"(max-width: 910px) 100vw, 910px\" \/><figcaption id=\"caption-attachment-811\" class=\"wp-caption-text\">Photo de mariage. Toute la famille Roszewitch : Lipmann Roszewitch et sa femme Blima et par ordre d&#8217;\u00e2ge croissant Rosa et Joseph Netzler, Suzanne, H\u00e9l\u00e8ne et Henri Freiss, Bernard Roseville, C\u00e9line, Simon et des soci\u00e9taires des AIF.<\/figcaption><\/figure><br \/>\n<figure id=\"attachment_812\" aria-describedby=\"caption-attachment-812\" style=\"width: 910px\" class=\"wp-caption alignleft\"><img decoding=\"async\" loading=\"lazy\" class=\"size-large wp-image-812\" src=\"https:\/\/aifonline.net\/wp-content\/uploads\/2019\/05\/1960-Amis-israelites-de-france-1024x755.jpg\" alt=\"\" width=\"910\" height=\"671\" srcset=\"https:\/\/aifonline.net\/wp-content\/uploads\/2019\/05\/1960-Amis-israelites-de-france-1024x755.jpg 1024w, https:\/\/aifonline.net\/wp-content\/uploads\/2019\/05\/1960-Amis-israelites-de-france-300x221.jpg 300w, https:\/\/aifonline.net\/wp-content\/uploads\/2019\/05\/1960-Amis-israelites-de-france-768x566.jpg 768w, https:\/\/aifonline.net\/wp-content\/uploads\/2019\/05\/1960-Amis-israelites-de-france.jpg 2000w\" sizes=\"(max-width: 910px) 100vw, 910px\" \/><figcaption id=\"caption-attachment-812\" class=\"wp-caption-text\">Forte d\u00e9l\u00e9gation des Amis Isra\u00e9lites de France devant le cimeti\u00e8re parisien de Bagneux, dans les ann\u00e9es 60.<\/figcaption><\/figure><\/p>","protected":false},"excerpt":{"rendered":"<p>Les soci\u00e9taires des AIF partagent ici leurs souvenirs, photos, documents\u2026<\/p>\n","protected":false},"author":1,"featured_media":0,"parent":0,"menu_order":0,"comment_status":"closed","ping_status":"closed","template":"","meta":{"_mi_skip_tracking":false,"_exactmetrics_sitenote_active":false,"_exactmetrics_sitenote_note":"","_exactmetrics_sitenote_category":0,"footnotes":""},"_links":{"self":[{"href":"https:\/\/aifonline.net\/index.php?rest_route=\/wp\/v2\/pages\/803"}],"collection":[{"href":"https:\/\/aifonline.net\/index.php?rest_route=\/wp\/v2\/pages"}],"about":[{"href":"https:\/\/aifonline.net\/index.php?rest_route=\/wp\/v2\/types\/page"}],"author":[{"embeddable":true,"href":"https:\/\/aifonline.net\/index.php?rest_route=\/wp\/v2\/users\/1"}],"replies":[{"embeddable":true,"href":"https:\/\/aifonline.net\/index.php?rest_route=%2Fwp%2Fv2%2Fcomments&post=803"}],"version-history":[{"count":22,"href":"https:\/\/aifonline.net\/index.php?rest_route=\/wp\/v2\/pages\/803\/revisions"}],"predecessor-version":[{"id":6938,"href":"https:\/\/aifonline.net\/index.php?rest_route=\/wp\/v2\/pages\/803\/revisions\/6938"}],"wp:attachment":[{"href":"https:\/\/aifonline.net\/index.php?rest_route=%2Fwp%2Fv2%2Fmedia&parent=803"}],"curies":[{"name":"wp","href":"https:\/\/api.w.org\/{rel}","templated":true}]}}